{"id":2169,"date":"2021-12-04T12:53:05","date_gmt":"2021-12-04T10:53:05","guid":{"rendered":"https:\/\/www.godsutera.it\/?page_id=2169"},"modified":"2025-08-30T16:57:28","modified_gmt":"2025-08-30T14:57:28","slug":"restauro-cappella-rupestre-di-san-marco","status":"publish","type":"page","link":"https:\/\/www.godsutera.it\/index.php\/restauro-cappella-rupestre-di-san-marco\/","title":{"rendered":"Restauro Cappella di San Marco"},"content":{"rendered":"<ul class=\"wp-block-latest-posts__list has-dates has-author wp-block-latest-posts\"><li><a class=\"wp-block-latest-posts__post-title\" href=\"https:\/\/www.godsutera.it\/index.php\/2022\/08\/19\/presentazione-del-restauro\/\">Presentazione del Restauro<\/a><div class=\"wp-block-latest-posts__post-author\">di Nino Pardi<\/div><time datetime=\"2022-08-19T10:48:00+02:00\" class=\"wp-block-latest-posts__post-date\">19 Agosto 2022<\/time><div class=\"wp-block-latest-posts__post-excerpt\">Si \u00e8 svolta gioved\u00ec 18 agosto 2022 all\u2019Auditorium Comunale di Sutera, la presentazione dei lavori di restauro della Cappella rupestre &hellip; <a href=\"https:\/\/www.godsutera.it\/index.php\/2022\/08\/19\/presentazione-del-restauro\/\" class=\"more-link\">Continue reading <span class=\"screen-reader-text\">Presentazione del Restauro<\/span><\/a><\/div><\/li>\n<li><a class=\"wp-block-latest-posts__post-title\" href=\"https:\/\/www.godsutera.it\/index.php\/2022\/01\/19\/successo-online-per-il-convegno-con-labate-rizzone\/\">Successo online per il convegno con l&#8217;abate Rizzone<\/a><div class=\"wp-block-latest-posts__post-author\">di Emanuele Alongi<\/div><time datetime=\"2022-01-19T16:03:54+02:00\" class=\"wp-block-latest-posts__post-date\">19 Gennaio 2022<\/time><div class=\"wp-block-latest-posts__post-excerpt\">Proprio come speravamo, il convegno di Sabato 15 Gennaio &#8220;Per una nuova lettura degli affreschi di San Marco&#8221; \u00e8 stato &hellip; <a href=\"https:\/\/www.godsutera.it\/index.php\/2022\/01\/19\/successo-online-per-il-convegno-con-labate-rizzone\/\" class=\"more-link\">Continue reading <span class=\"screen-reader-text\">Successo online per il convegno con l&#8217;abate Rizzone<\/span><\/a><\/div><\/li>\n<li><a class=\"wp-block-latest-posts__post-title\" href=\"https:\/\/www.godsutera.it\/index.php\/2022\/01\/05\/convegno-per-una-nuova-lettura-degli-affreschi-di-san-marco\/\">Convegno &#8220;Per una nuova lettura degli affreschi di San Marco&#8221;<\/a><div class=\"wp-block-latest-posts__post-author\">di Emanuele Alongi<\/div><time datetime=\"2022-01-05T13:15:50+02:00\" class=\"wp-block-latest-posts__post-date\">5 Gennaio 2022<\/time><div class=\"wp-block-latest-posts__post-excerpt\">Il Convegno &#8220;Per una nuova lettura degli affreschi di San Marco&#8221; sar\u00e0 presto realt\u00e0. L&#8217;associazione &#8220;Gruppo Onuri e Dignit\u00e0&#8221; ha &hellip; <a href=\"https:\/\/www.godsutera.it\/index.php\/2022\/01\/05\/convegno-per-una-nuova-lettura-degli-affreschi-di-san-marco\/\" class=\"more-link\">Continue reading <span class=\"screen-reader-text\">Convegno &#8220;Per una nuova lettura degli affreschi di San Marco&#8221;<\/span><\/a><\/div><\/li>\n<li><a class=\"wp-block-latest-posts__post-title\" href=\"https:\/\/www.godsutera.it\/index.php\/2021\/12\/04\/un-nuovo-materiale-per-la-protezione-della-cappella-rupestre-di-san-marco\/\">Un nuovo materiale per la protezione della Cappella rupestre di San Marco<\/a><div class=\"wp-block-latest-posts__post-author\">di Emanuele Alongi<\/div><time datetime=\"2021-12-04T17:48:04+02:00\" class=\"wp-block-latest-posts__post-date\">4 Dicembre 2021<\/time><div class=\"wp-block-latest-posts__post-excerpt\">Stanno entrando pi\u00f9 nel vivo, giorno dopo giorno, gli studi sulla Cappella rupestre di San Marco. Fondamentale in tal senso, &hellip; <a href=\"https:\/\/www.godsutera.it\/index.php\/2021\/12\/04\/un-nuovo-materiale-per-la-protezione-della-cappella-rupestre-di-san-marco\/\" class=\"more-link\">Continue reading <span class=\"screen-reader-text\">Un nuovo materiale per la protezione della Cappella rupestre di San Marco<\/span><\/a><\/div><\/li>\n<li><a class=\"wp-block-latest-posts__post-title\" href=\"https:\/\/www.godsutera.it\/index.php\/2021\/08\/31\/il-punto-sui-lavori-nella-cappella-di-san-marco\/\">Il punto sui lavori nella Cappella di San Marco<\/a><div class=\"wp-block-latest-posts__post-author\">di Pino Chiparo<\/div><time datetime=\"2021-08-31T12:23:00+02:00\" class=\"wp-block-latest-posts__post-date\">31 Agosto 2021<\/time><div class=\"wp-block-latest-posts__post-excerpt\">31 agosto 2021. \u00c8 giunto il momento di fare un ulteriore aggiornamento, nonch\u00e9 esporre il punto della situazione sul restauro &hellip; <a href=\"https:\/\/www.godsutera.it\/index.php\/2021\/08\/31\/il-punto-sui-lavori-nella-cappella-di-san-marco\/\" class=\"more-link\">Continue reading <span class=\"screen-reader-text\">Il punto sui lavori nella Cappella di San Marco<\/span><\/a><\/div><\/li>\n<li><a class=\"wp-block-latest-posts__post-title\" href=\"https:\/\/www.godsutera.it\/index.php\/2021\/02\/05\/sutera-nuovi-esami-diagnostici-sugli-affreschi-della-cappella-di-san-marco\/\">Sutera, nuovi esami diagnostici sugli affreschi della Cappella di San Marco<\/a><div class=\"wp-block-latest-posts__post-author\">di Pino Chiparo<\/div><time datetime=\"2021-02-05T12:18:00+02:00\" class=\"wp-block-latest-posts__post-date\">5 Febbraio 2021<\/time><div class=\"wp-block-latest-posts__post-excerpt\">Proseguono senza sosta ed impedimento di sorta e nel rispetto dell&#8217;emergenza epidemiologica da corona virus, i lavori propedeutici per il &hellip; <a href=\"https:\/\/www.godsutera.it\/index.php\/2021\/02\/05\/sutera-nuovi-esami-diagnostici-sugli-affreschi-della-cappella-di-san-marco\/\" class=\"more-link\">Continue reading <span class=\"screen-reader-text\">Sutera, nuovi esami diagnostici sugli affreschi della Cappella di San Marco<\/span><\/a><\/div><\/li>\n<li><a class=\"wp-block-latest-posts__post-title\" href=\"https:\/\/www.godsutera.it\/index.php\/2020\/12\/05\/novita-nel-prosieguo-del-restauro-nella-cappella-di-san-marco\/\">Novit\u00e0 nel prosieguo del restauro nella Cappella di San Marco<\/a><div class=\"wp-block-latest-posts__post-author\">di Pino Chiparo<\/div><time datetime=\"2020-12-05T12:11:00+02:00\" class=\"wp-block-latest-posts__post-date\">5 Dicembre 2020<\/time><div class=\"wp-block-latest-posts__post-excerpt\">Gli anni 2020 e 2021 saranno ricordati da tutti sicuramente per l\u2019emergenza epidemiologica da COVID 19. Per noi della G.O.D. &hellip; <a href=\"https:\/\/www.godsutera.it\/index.php\/2020\/12\/05\/novita-nel-prosieguo-del-restauro-nella-cappella-di-san-marco\/\" class=\"more-link\">Continue reading <span class=\"screen-reader-text\">Novit\u00e0 nel prosieguo del restauro nella Cappella di San Marco<\/span><\/a><\/div><\/li>\n<li><a class=\"wp-block-latest-posts__post-title\" href=\"https:\/\/www.godsutera.it\/index.php\/2020\/10\/31\/sutera-la-conservazione-dei-dipinti-murali-del-santuario-di-san-marco-approccio-diagnostico\/\">Sutera, la conservazione dei dipinti murali del Santuario di San Marco Approccio diagnostico<\/a><div class=\"wp-block-latest-posts__post-author\">di Nino Pardi<\/div><time datetime=\"2020-10-31T11:08:00+02:00\" class=\"wp-block-latest-posts__post-date\">31 Ottobre 2020<\/time><div class=\"wp-block-latest-posts__post-excerpt\">Il Santuario di San Marco rappresenta un unicum nell\u2019ambito della cultura artistica della provincia nissena. Il sito sorge nella suggestiva &hellip; <a href=\"https:\/\/www.godsutera.it\/index.php\/2020\/10\/31\/sutera-la-conservazione-dei-dipinti-murali-del-santuario-di-san-marco-approccio-diagnostico\/\" class=\"more-link\">Continue reading <span class=\"screen-reader-text\">Sutera, la conservazione dei dipinti murali del Santuario di San Marco Approccio diagnostico<\/span><\/a><\/div><\/li>\n<li><a class=\"wp-block-latest-posts__post-title\" href=\"https:\/\/www.godsutera.it\/index.php\/2020\/09\/30\/saranno-restaurate-li-figureddri-della-cappella-di-san-marco\/\">Saranno restaurate \u201cLi Figureddri\u201d della Cappella di San Marco.<\/a><div class=\"wp-block-latest-posts__post-author\">di Pino Chiparo<\/div><time datetime=\"2020-09-30T11:36:00+02:00\" class=\"wp-block-latest-posts__post-date\">30 Settembre 2020<\/time><div class=\"wp-block-latest-posts__post-excerpt\">Luned\u00ec 28 settembre 2020 alle ore 11,30 presso i locali del Museo Etnoantropologico di Sutera, alla presenza della Soprintendente ai &hellip; <a href=\"https:\/\/www.godsutera.it\/index.php\/2020\/09\/30\/saranno-restaurate-li-figureddri-della-cappella-di-san-marco\/\" class=\"more-link\">Continue reading <span class=\"screen-reader-text\">Saranno restaurate \u201cLi Figureddri\u201d della Cappella di San Marco.<\/span><\/a><\/div><\/li>\n<li><a class=\"wp-block-latest-posts__post-title\" href=\"https:\/\/www.godsutera.it\/index.php\/2020\/08\/26\/salviamo-gli-affreschi-di-sutera\/\">Salviamo gli affreschi di Sutera<\/a><div class=\"wp-block-latest-posts__post-author\">di Giovanni Chiparo<\/div><time datetime=\"2020-08-26T11:02:07+02:00\" class=\"wp-block-latest-posts__post-date\">26 Agosto 2020<\/time><div class=\"wp-block-latest-posts__post-excerpt\">Salviamo gli affreschi della Cappella di San Marco a Sutera L&#8217;Associazione &#8220;Gruppo onuri e dignit\u00e0&#8221; si occupa di valorizzare il &hellip; <a href=\"https:\/\/www.godsutera.it\/index.php\/2020\/08\/26\/salviamo-gli-affreschi-di-sutera\/\" class=\"more-link\">Continue reading <span class=\"screen-reader-text\">Salviamo gli affreschi di Sutera<\/span><\/a><\/div><\/li>\n<li><a class=\"wp-block-latest-posts__post-title\" href=\"https:\/\/www.godsutera.it\/index.php\/2020\/06\/30\/la-g-o-d-lancia-la-campagna-di-donazione-salviamo-la-cappella-san-marco\/\">La G.O.D. lancia la campagna di donazione &#8220;Salviamo la cappella San Marco&#8221;<\/a><div class=\"wp-block-latest-posts__post-author\">di Pino Chiparo<\/div><time datetime=\"2020-06-30T11:08:00+02:00\" class=\"wp-block-latest-posts__post-date\">30 Giugno 2020<\/time><div class=\"wp-block-latest-posts__post-excerpt\">Dopo un lungo lavoro di studio e di preparazione siamo arrivati ad un risultato storico per la comunit\u00e0 suterese.A circa &hellip; <a href=\"https:\/\/www.godsutera.it\/index.php\/2020\/06\/30\/la-g-o-d-lancia-la-campagna-di-donazione-salviamo-la-cappella-san-marco\/\" class=\"more-link\">Continue reading <span class=\"screen-reader-text\">La G.O.D. lancia la campagna di donazione &#8220;Salviamo la cappella San Marco&#8221;<\/span><\/a><\/div><\/li>\n<\/ul>","protected":false},"excerpt":{"rendered":"","protected":false},"author":1,"featured_media":0,"parent":0,"menu_order":0,"comment_status":"closed","ping_status":"closed","template":"","meta":{"footnotes":""},"class_list":["post-2169","page","type-page","status-publish","hentry"],"_links":{"self":[{"href":"https:\/\/www.godsutera.it\/index.php\/wp-json\/wp\/v2\/pages\/2169","targetHints":{"allow":["GET"]}}],"collection":[{"href":"https:\/\/www.godsutera.it\/index.php\/wp-json\/wp\/v2\/pages"}],"about":[{"href":"https:\/\/www.godsutera.it\/index.php\/wp-json\/wp\/v2\/types\/page"}],"author":[{"embeddable":true,"href":"https:\/\/www.godsutera.it\/index.php\/wp-json\/wp\/v2\/users\/1"}],"replies":[{"embeddable":true,"href":"https:\/\/www.godsutera.it\/index.php\/wp-json\/wp\/v2\/comments?post=2169"}],"version-history":[{"count":8,"href":"https:\/\/www.godsutera.it\/index.php\/wp-json\/wp\/v2\/pages\/2169\/revisions"}],"predecessor-version":[{"id":2555,"href":"https:\/\/www.godsutera.it\/index.php\/wp-json\/wp\/v2\/pages\/2169\/revisions\/2555"}],"wp:attachment":[{"href":"https:\/\/www.godsutera.it\/index.php\/wp-json\/wp\/v2\/media?parent=2169"}],"curies":[{"name":"wp","href":"https:\/\/api.w.org\/{rel}","templated":true}]}}