{"id":1941,"date":"2018-09-04T17:13:59","date_gmt":"2018-09-04T15:13:59","guid":{"rendered":"https:\/\/www.godsutera.it\/?page_id=1941"},"modified":"2021-12-05T13:15:42","modified_gmt":"2021-12-05T11:15:42","slug":"territorio","status":"publish","type":"page","link":"https:\/\/www.godsutera.it\/index.php\/territorio\/","title":{"rendered":"Territorio"},"content":{"rendered":"<ul class=\"wp-block-latest-posts__list has-dates has-author wp-block-latest-posts\"><li><a class=\"wp-block-latest-posts__post-title\" href=\"https:\/\/www.godsutera.it\/index.php\/2026\/02\/24\/sutera-svelata-dodicesimo-reel\/\">Sutera Svelata: dodicesimo reel<\/a><div class=\"wp-block-latest-posts__post-author\">di Emanuele Alongi<\/div><time datetime=\"2026-02-24T10:13:45+02:00\" class=\"wp-block-latest-posts__post-date\">24 Febbraio 2026<\/time><div class=\"wp-block-latest-posts__post-excerpt\">Il 27 febbraio segna una data importante per Sutera Svelata: sar\u00e0 pubblicato il dodicesimo reel, ultimo<\/div><\/li>\n<li><a class=\"wp-block-latest-posts__post-title\" href=\"https:\/\/www.godsutera.it\/index.php\/2025\/03\/27\/sutera-e-svelata-dallassociazione-g-o-d\/\">Sutera \u00e8 \u2026 svelata dall\u2019associazione G.O.D.!<\/a><div class=\"wp-block-latest-posts__post-author\">di Emanuele Alongi<\/div><time datetime=\"2025-03-27T20:10:33+02:00\" class=\"wp-block-latest-posts__post-date\">27 Marzo 2025<\/time><div class=\"wp-block-latest-posts__post-excerpt\">L\u2019associazione G.O.D. (Gruppo Onuri e Dignit\u00e0), da pi\u00f9 di 35 anni protagonista di attivit\u00e0 culturali e di intrattenimento non solo &hellip; <a href=\"https:\/\/www.godsutera.it\/index.php\/2025\/03\/27\/sutera-e-svelata-dallassociazione-g-o-d\/\" class=\"more-link\">Continue reading <span class=\"screen-reader-text\">Sutera \u00e8 \u2026 svelata dall\u2019associazione G.O.D.!<\/span><\/a><\/div><\/li>\n<li><a class=\"wp-block-latest-posts__post-title\" href=\"https:\/\/www.godsutera.it\/index.php\/2025\/01\/02\/presentazione-libro-dizionario-atlante-dei-toponimi-in-sicilia-campofranco-e-sutera\/\">Presentazione libro Dizionario \u2013 Atlante dei toponimi in Sicilia Campofranco e Sutera<\/a><div class=\"wp-block-latest-posts__post-author\">di Nino Pardi<\/div><time datetime=\"2025-01-02T21:00:48+02:00\" class=\"wp-block-latest-posts__post-date\">2 Gennaio 2025<\/time><div class=\"wp-block-latest-posts__post-excerpt\">Gioved\u00ec 2 gennaio, a Sutera, promossa dalla nostra Associazione G.O.D. presieduta dal Dott. Nino Pardi, si \u00e8 svolta la presentazione &hellip; <a href=\"https:\/\/www.godsutera.it\/index.php\/2025\/01\/02\/presentazione-libro-dizionario-atlante-dei-toponimi-in-sicilia-campofranco-e-sutera\/\" class=\"more-link\">Continue reading <span class=\"screen-reader-text\">Presentazione libro Dizionario \u2013 Atlante dei toponimi in Sicilia Campofranco e Sutera<\/span><\/a><\/div><\/li>\n<li><a class=\"wp-block-latest-posts__post-title\" href=\"https:\/\/www.godsutera.it\/index.php\/2022\/06\/25\/campagna-di-scavi-archeologici-sul-monte-san-paolino-a-sutera-tra-tesori-misteri-e-curiosita\/\">Campagna di scavi archeologici sul monte San Paolino a Sutera: tra tesori, misteri e curiosit\u00e0<\/a><div class=\"wp-block-latest-posts__post-author\">di Paolo Buttaci<\/div><time datetime=\"2022-06-25T10:19:42+02:00\" class=\"wp-block-latest-posts__post-date\">25 Giugno 2022<\/time><div class=\"wp-block-latest-posts__post-excerpt\">Nel mese di maggio ha avuto inizio la prima campagna di scavi archeologici sul Monte San Paolino, a Sutera. Si &hellip; <a href=\"https:\/\/www.godsutera.it\/index.php\/2022\/06\/25\/campagna-di-scavi-archeologici-sul-monte-san-paolino-a-sutera-tra-tesori-misteri-e-curiosita\/\" class=\"more-link\">Continue reading <span class=\"screen-reader-text\">Campagna di scavi archeologici sul monte San Paolino a Sutera: tra tesori, misteri e curiosit\u00e0<\/span><\/a><\/div><\/li>\n<li><a class=\"wp-block-latest-posts__post-title\" href=\"https:\/\/www.godsutera.it\/index.php\/2021\/10\/29\/scavi-archeologici-sul-monte-san-paolino\/\">Scavi archeologici sul Monte San Paolino<\/a><div class=\"wp-block-latest-posts__post-author\">di Emanuele Alongi<\/div><time datetime=\"2021-10-29T12:58:12+02:00\" class=\"wp-block-latest-posts__post-date\">29 Ottobre 2021<\/time><div class=\"wp-block-latest-posts__post-excerpt\">L&#8217;associazione G.O.D. \u00e8 lieta di annunciare il prossimo inizio degli scavi archeologici sul Monte San Paolino a Sutera. Si tratta &hellip; <a href=\"https:\/\/www.godsutera.it\/index.php\/2021\/10\/29\/scavi-archeologici-sul-monte-san-paolino\/\" class=\"more-link\">Continue reading <span class=\"screen-reader-text\">Scavi archeologici sul Monte San Paolino<\/span><\/a><\/div><\/li>\n<\/ul>","protected":false},"excerpt":{"rendered":"","protected":false},"author":1,"featured_media":0,"parent":0,"menu_order":0,"comment_status":"closed","ping_status":"closed","template":"","meta":{"footnotes":""},"class_list":["post-1941","page","type-page","status-publish","hentry"],"_links":{"self":[{"href":"https:\/\/www.godsutera.it\/index.php\/wp-json\/wp\/v2\/pages\/1941","targetHints":{"allow":["GET"]}}],"collection":[{"href":"https:\/\/www.godsutera.it\/index.php\/wp-json\/wp\/v2\/pages"}],"about":[{"href":"https:\/\/www.godsutera.it\/index.php\/wp-json\/wp\/v2\/types\/page"}],"author":[{"embeddable":true,"href":"https:\/\/www.godsutera.it\/index.php\/wp-json\/wp\/v2\/users\/1"}],"replies":[{"embeddable":true,"href":"https:\/\/www.godsutera.it\/index.php\/wp-json\/wp\/v2\/comments?post=1941"}],"version-history":[{"count":5,"href":"https:\/\/www.godsutera.it\/index.php\/wp-json\/wp\/v2\/pages\/1941\/revisions"}],"predecessor-version":[{"id":2245,"href":"https:\/\/www.godsutera.it\/index.php\/wp-json\/wp\/v2\/pages\/1941\/revisions\/2245"}],"wp:attachment":[{"href":"https:\/\/www.godsutera.it\/index.php\/wp-json\/wp\/v2\/media?parent=1941"}],"curies":[{"name":"wp","href":"https:\/\/api.w.org\/{rel}","templated":true}]}}